{"id":94,"date":"2024-04-02T22:30:13","date_gmt":"2024-04-02T20:30:13","guid":{"rendered":"http:\/\/www.lagarburade.org\/garburade\/?page_id=94"},"modified":"2025-10-23T09:37:55","modified_gmt":"2025-10-23T07:37:55","slug":"le-bureau","status":"publish","type":"page","link":"https:\/\/www.lagarburade.org\/index.php\/le-bureau\/","title":{"rendered":"Le bureau"},"content":{"rendered":"<div class=\"wpb-content-wrapper\"><p>[vc_row][vc_column][vc_column_text]<\/p>\n<h2 style=\"text-align: center;\"><strong>Les visages de la Garburade :<br \/>\nune aventure humaine et joyeuse !<\/strong><\/h2>\n<p style=\"text-align: center;\">\u00c0 la Garburade, c\u2019est l\u2019esprit d\u2019\u00e9quipe, la bonne humeur et l\u2019amour des traditions qui r\u00e8gnent en ma\u00eetres ! L\u2019association rassemble 26 membres engag\u00e9s \u00e0 l\u2019ann\u00e9e, \u00e9paul\u00e9s par une quarantaine de b\u00e9n\u00e9voles pendant l\u2019\u00e9v\u00e9nement, dont 6 membres du bureau et les 12 du conseil d\u2019administration. Chaque d\u00e9cision se prend de mani\u00e8re collective, dans un esprit de partage et d\u2019\u00e9coute. Gr\u00e2ce \u00e0 l\u2019\u00e9nergie de chacun, la Garburade est bien plus qu\u2019un simple \u00e9v\u00e9nement : c\u2019est une f\u00eate, un rendez-vous de c\u0153ur, une grande famille !<\/p>\n<p>[\/vc_column_text][\/vc_column][\/vc_row][vc_row][vc_column width=\u00a0\u00bb1\/2&Prime;]<div  class=\"boxed-intro overflow-hidden bg-white \">\n\t\t\t\t\t\t\t<div class=\"intro-image\"><img loading=\"lazy\" decoding=\"async\" width=\"2560\" height=\"2560\" src=\"https:\/\/i0.wp.com\/www.lagarburade.org\/wp-content\/uploads\/2024\/06\/Garburade-0062-carre-scaled.jpg?fit=2560%2C2560&amp;ssl=1\" class=\"background-image\" alt=\"\" srcset=\"https:\/\/i0.wp.com\/www.lagarburade.org\/wp-content\/uploads\/2024\/06\/Garburade-0062-carre-scaled.jpg?w=2560&amp;ssl=1 2560w, https:\/\/i0.wp.com\/www.lagarburade.org\/wp-content\/uploads\/2024\/06\/Garburade-0062-carre-scaled.jpg?resize=300%2C300&amp;ssl=1 300w, https:\/\/i0.wp.com\/www.lagarburade.org\/wp-content\/uploads\/2024\/06\/Garburade-0062-carre-scaled.jpg?resize=1024%2C1024&amp;ssl=1 1024w, https:\/\/i0.wp.com\/www.lagarburade.org\/wp-content\/uploads\/2024\/06\/Garburade-0062-carre-scaled.jpg?resize=150%2C150&amp;ssl=1 150w, https:\/\/i0.wp.com\/www.lagarburade.org\/wp-content\/uploads\/2024\/06\/Garburade-0062-carre-scaled.jpg?resize=768%2C768&amp;ssl=1 768w, https:\/\/i0.wp.com\/www.lagarburade.org\/wp-content\/uploads\/2024\/06\/Garburade-0062-carre-scaled.jpg?resize=1536%2C1536&amp;ssl=1 1536w, https:\/\/i0.wp.com\/www.lagarburade.org\/wp-content\/uploads\/2024\/06\/Garburade-0062-carre-scaled.jpg?resize=2048%2C2048&amp;ssl=1 2048w, https:\/\/i0.wp.com\/www.lagarburade.org\/wp-content\/uploads\/2024\/06\/Garburade-0062-carre-scaled.jpg?resize=60%2C60&amp;ssl=1 60w, https:\/\/i0.wp.com\/www.lagarburade.org\/wp-content\/uploads\/2024\/06\/Garburade-0062-carre-scaled.jpg?resize=600%2C600&amp;ssl=1 600w, https:\/\/i0.wp.com\/www.lagarburade.org\/wp-content\/uploads\/2024\/06\/Garburade-0062-carre-scaled.jpg?resize=100%2C100&amp;ssl=1 100w, https:\/\/i0.wp.com\/www.lagarburade.org\/wp-content\/uploads\/2024\/06\/Garburade-0062-carre-scaled.jpg?w=2340&amp;ssl=1 2340w\" sizes=\"auto, (max-width: 1170px) 100vw, 1170px\" \/>\n\t\t\t\t\t\t\t<\/div><div class=\"pt32 pb16 pl-32 pr-32\"><h5  class=\"widgettitle dark-color mb16\">Fran\u00e7oise COUSTEAU<\/h5><div  class=\"widgetsubtitle\">Pr\u00e9sidente<\/div><div  class=\"text-color mt8\">\u00ab Une marmite d\u2019id\u00e9es en \u00e9bullition \u00bb, voil\u00e0 comment on me d\u00e9crit souvent ! Pr\u00e9sente d\u00e8s les d\u00e9buts de la Garburade, \u00e0 l\u2019initiative d\u2019Alain Darroze, j\u2019ai vu cette f\u00eate na\u00eetre pour honorer la Garbure, notre soupe b\u00e9arnaise ancestrale. Apr\u00e8s une pause de 15 ans, mon retour en B\u00e9arn m\u2019a naturellement conduite \u00e0 reprendre la pr\u00e9sidence en 2024. Ce qui m\u2019anime : les rencontres, l\u2019\u00e9coute, le collectif, et impulser de nouvelles id\u00e9es ! J\u2019ai souhait\u00e9 insuffler une nouvelle dynamique avec une identit\u00e9 visuelle revisit\u00e9e et une gouvernance participative. Nos trois grandes priorit\u00e9s aujourd\u2019hui :<\/p>\n<ul>\n<li>Renforcer l\u2019ouverture \u00e0 l\u2019international<\/li>\n<li>Transmettre ce savoir-faire aux jeunes g\u00e9n\u00e9rations<\/li>\n<li>Promouvoir les bienfaits de la Garbure pour notre bien-\u00eatre<\/li>\n<\/ul>\n<p><\/div><\/div><\/div>[\/vc_column][vc_column width=\u00a0\u00bb1\/2&Prime;]<div  class=\"boxed-intro overflow-hidden bg-white \">\n\t\t\t\t\t\t\t<div class=\"intro-image\"><img loading=\"lazy\" decoding=\"async\" width=\"554\" height=\"554\" src=\"https:\/\/i0.wp.com\/www.lagarburade.org\/wp-content\/uploads\/2025\/06\/bureau-association-garburade-05.jpg?fit=554%2C554&amp;ssl=1\" class=\"background-image\" alt=\"\" srcset=\"https:\/\/i0.wp.com\/www.lagarburade.org\/wp-content\/uploads\/2025\/06\/bureau-association-garburade-05.jpg?w=554&amp;ssl=1 554w, https:\/\/i0.wp.com\/www.lagarburade.org\/wp-content\/uploads\/2025\/06\/bureau-association-garburade-05.jpg?resize=300%2C300&amp;ssl=1 300w, https:\/\/i0.wp.com\/www.lagarburade.org\/wp-content\/uploads\/2025\/06\/bureau-association-garburade-05.jpg?resize=150%2C150&amp;ssl=1 150w, https:\/\/i0.wp.com\/www.lagarburade.org\/wp-content\/uploads\/2025\/06\/bureau-association-garburade-05.jpg?resize=60%2C60&amp;ssl=1 60w, https:\/\/i0.wp.com\/www.lagarburade.org\/wp-content\/uploads\/2025\/06\/bureau-association-garburade-05.jpg?resize=100%2C100&amp;ssl=1 100w\" sizes=\"auto, (max-width: 554px) 100vw, 554px\" \/>\n\t\t\t\t\t\t\t<\/div><div class=\"pt32 pb16 pl-32 pr-32\"><h5  class=\"widgettitle dark-color mb16\">Michel BENTAYOU<\/h5><div  class=\"widgetsubtitle\">Vice-Pr\u00e9sident<\/div><div  class=\"text-color mt8\">Originaire d\u2019Oloron-Sainte-Marie, j\u2019ai longtemps particip\u00e9 aux concours de la Garburade\u2026 et m\u00eame remport\u00e9 le troph\u00e9e ! Une fois un peu plus de temps libre en poche, c\u2019\u00e9tait une \u00e9vidence pour moi de rejoindre l\u2019\u00e9quipe. Aujourd\u2019hui, je coordonne la logistique de l\u2019\u00e9v\u00e9nement. Ce que j\u2019aime ? L\u2019ambiance conviviale, les \u00e9changes, et le plaisir de faire ensemble.<\/div><\/div><\/div><div  class=\"boxed-intro overflow-hidden bg-white \">\n\t\t\t\t\t\t\t<div class=\"intro-image\">\n\t\t\t\t\t\t\t<\/div><\/div>[\/vc_column][\/vc_row][vc_row][vc_column width=\u00a0\u00bb1\/2&Prime;]<div  class=\"boxed-intro overflow-hidden bg-white \">\n\t\t\t\t\t\t\t<div class=\"intro-image\"><img loading=\"lazy\" decoding=\"async\" width=\"554\" height=\"554\" src=\"https:\/\/i0.wp.com\/www.lagarburade.org\/wp-content\/uploads\/2025\/06\/bureau-association-garburade-03.jpg?fit=554%2C554&amp;ssl=1\" class=\"background-image\" alt=\"\" srcset=\"https:\/\/i0.wp.com\/www.lagarburade.org\/wp-content\/uploads\/2025\/06\/bureau-association-garburade-03.jpg?w=554&amp;ssl=1 554w, https:\/\/i0.wp.com\/www.lagarburade.org\/wp-content\/uploads\/2025\/06\/bureau-association-garburade-03.jpg?resize=300%2C300&amp;ssl=1 300w, https:\/\/i0.wp.com\/www.lagarburade.org\/wp-content\/uploads\/2025\/06\/bureau-association-garburade-03.jpg?resize=150%2C150&amp;ssl=1 150w, https:\/\/i0.wp.com\/www.lagarburade.org\/wp-content\/uploads\/2025\/06\/bureau-association-garburade-03.jpg?resize=60%2C60&amp;ssl=1 60w, https:\/\/i0.wp.com\/www.lagarburade.org\/wp-content\/uploads\/2025\/06\/bureau-association-garburade-03.jpg?resize=100%2C100&amp;ssl=1 100w\" sizes=\"auto, (max-width: 554px) 100vw, 554px\" \/>\n\t\t\t\t\t\t\t<\/div><div class=\"pt32 pb16 pl-32 pr-32\"><h5  class=\"widgettitle dark-color mb16\">Bernard MOREL<\/h5><div  class=\"widgetsubtitle\">Responsable du jury<\/div><div  class=\"text-color mt8\">Dans l\u2019association depuis 2010, j\u2019ai d\u2019abord donn\u00e9 un coup de main\u2026 et je ne suis jamais reparti ! Aujourd\u2019hui, j\u2019organise le jury du concours, un r\u00f4le qui m\u2019a valu le surnom de \u00ab Grand Ma\u00eetre de C\u00e9r\u00e9monie \u00bb. Mais au-del\u00e0 des titres, ce que j\u2019aime par-dessus tout, c\u2019est l\u2019ambiance chaleureuse et l\u2019esprit festif qui animent chaque \u00e9dition.<\/div><\/div><\/div>[\/vc_column][vc_column width=\u00a0\u00bb1\/2&Prime;]<div  class=\"boxed-intro overflow-hidden bg-white \">\n\t\t\t\t\t\t\t<div class=\"intro-image\"><img loading=\"lazy\" decoding=\"async\" width=\"554\" height=\"554\" src=\"https:\/\/i0.wp.com\/www.lagarburade.org\/wp-content\/uploads\/2025\/06\/bureau-association-garburade-04.jpg?fit=554%2C554&amp;ssl=1\" class=\"background-image\" alt=\"\" srcset=\"https:\/\/i0.wp.com\/www.lagarburade.org\/wp-content\/uploads\/2025\/06\/bureau-association-garburade-04.jpg?w=554&amp;ssl=1 554w, https:\/\/i0.wp.com\/www.lagarburade.org\/wp-content\/uploads\/2025\/06\/bureau-association-garburade-04.jpg?resize=300%2C300&amp;ssl=1 300w, https:\/\/i0.wp.com\/www.lagarburade.org\/wp-content\/uploads\/2025\/06\/bureau-association-garburade-04.jpg?resize=150%2C150&amp;ssl=1 150w, https:\/\/i0.wp.com\/www.lagarburade.org\/wp-content\/uploads\/2025\/06\/bureau-association-garburade-04.jpg?resize=60%2C60&amp;ssl=1 60w, https:\/\/i0.wp.com\/www.lagarburade.org\/wp-content\/uploads\/2025\/06\/bureau-association-garburade-04.jpg?resize=100%2C100&amp;ssl=1 100w\" sizes=\"auto, (max-width: 554px) 100vw, 554px\" \/>\n\t\t\t\t\t\t\t<\/div><div class=\"pt32 pb16 pl-32 pr-32\"><h5  class=\"widgettitle dark-color mb16\">Marie CAILLON<\/h5><div  class=\"widgetsubtitle\">Tr\u00e9sori\u00e8re historique<\/div><div  class=\"text-color mt8\">Je fais partie de l\u2019aventure depuis le tout d\u00e9but, il y a 33 ans, sans jamais faire de pause ! \u00c0 l\u2019\u00e9poque, j\u2019aidais \u00e0 pr\u00e9parer le banquet pour 700 convives\u2026 aujourd\u2019hui, on fr\u00f4le le double ! De fil en aiguille, je suis devenue tr\u00e9sori\u00e8re. J\u2019ai vu l\u2019association \u00e9voluer, se transformer, et je suis heureuse d\u2019avoir accompagn\u00e9 ces changements, notamment avec l\u2019arriv\u00e9e de Fran\u00e7oise, avec qui nous avons pris un nouveau tournant enthousiasmant.<\/div><\/div><\/div><div  class=\"boxed-intro overflow-hidden bg-white \">\n\t\t\t\t\t\t\t<div class=\"intro-image\">\n\t\t\t\t\t\t\t<\/div><\/div>[\/vc_column][\/vc_row][vc_row][vc_column width=\u00a0\u00bb1\/2&Prime;]<div  class=\"boxed-intro overflow-hidden bg-white \">\n\t\t\t\t\t\t\t<div class=\"intro-image\"><img loading=\"lazy\" decoding=\"async\" width=\"554\" height=\"554\" src=\"https:\/\/i0.wp.com\/www.lagarburade.org\/wp-content\/uploads\/2025\/06\/bureau-association-garburade-01.jpg?fit=554%2C554&amp;ssl=1\" class=\"background-image\" alt=\"\" srcset=\"https:\/\/i0.wp.com\/www.lagarburade.org\/wp-content\/uploads\/2025\/06\/bureau-association-garburade-01.jpg?w=554&amp;ssl=1 554w, https:\/\/i0.wp.com\/www.lagarburade.org\/wp-content\/uploads\/2025\/06\/bureau-association-garburade-01.jpg?resize=300%2C300&amp;ssl=1 300w, https:\/\/i0.wp.com\/www.lagarburade.org\/wp-content\/uploads\/2025\/06\/bureau-association-garburade-01.jpg?resize=150%2C150&amp;ssl=1 150w, https:\/\/i0.wp.com\/www.lagarburade.org\/wp-content\/uploads\/2025\/06\/bureau-association-garburade-01.jpg?resize=60%2C60&amp;ssl=1 60w, https:\/\/i0.wp.com\/www.lagarburade.org\/wp-content\/uploads\/2025\/06\/bureau-association-garburade-01.jpg?resize=100%2C100&amp;ssl=1 100w\" sizes=\"auto, (max-width: 554px) 100vw, 554px\" \/>\n\t\t\t\t\t\t\t<\/div><div class=\"pt32 pb16 pl-32 pr-32\"><h5  class=\"widgettitle dark-color mb16\">Georges LABIOS<\/h5><div  class=\"widgetsubtitle\">Tr\u00e9sorier<\/div><div  class=\"text-color mt8\">Au d\u00e9part, on m\u2019a dit : \u00ab Viens, il n\u2019y aura rien \u00e0 faire ! \u00bb&#8230; mais en r\u00e9alit\u00e9, il y avait beaucoup \u00e0 faire, et j\u2019y ai pris go\u00fbt ! Ce qui me pla\u00eet, c\u2019est l\u2019\u00e9tat d\u2019esprit de l\u2019\u00e9quipe : bienveillant, soud\u00e9, joyeux. En 2024, on m\u2019a propos\u00e9 de succ\u00e9der \u00e0 Marie au poste de tr\u00e9sorier. J\u2019ai accept\u00e9 avec plaisir et s\u00e9rieux\u2026 et on m\u2019a rapidement surnomm\u00e9 \u00ab Picsou \u00bb !<\/div><\/div><\/div>[\/vc_column][vc_column width=\u00a0\u00bb1\/2&Prime;]<div  class=\"boxed-intro overflow-hidden bg-white \">\n\t\t\t\t\t\t\t<div class=\"intro-image\"><img loading=\"lazy\" decoding=\"async\" width=\"554\" height=\"554\" src=\"https:\/\/i0.wp.com\/www.lagarburade.org\/wp-content\/uploads\/2025\/06\/bureau-association-garburade-02.jpg?fit=554%2C554&amp;ssl=1\" class=\"background-image\" alt=\"\" srcset=\"https:\/\/i0.wp.com\/www.lagarburade.org\/wp-content\/uploads\/2025\/06\/bureau-association-garburade-02.jpg?w=554&amp;ssl=1 554w, https:\/\/i0.wp.com\/www.lagarburade.org\/wp-content\/uploads\/2025\/06\/bureau-association-garburade-02.jpg?resize=300%2C300&amp;ssl=1 300w, https:\/\/i0.wp.com\/www.lagarburade.org\/wp-content\/uploads\/2025\/06\/bureau-association-garburade-02.jpg?resize=150%2C150&amp;ssl=1 150w, https:\/\/i0.wp.com\/www.lagarburade.org\/wp-content\/uploads\/2025\/06\/bureau-association-garburade-02.jpg?resize=60%2C60&amp;ssl=1 60w, https:\/\/i0.wp.com\/www.lagarburade.org\/wp-content\/uploads\/2025\/06\/bureau-association-garburade-02.jpg?resize=100%2C100&amp;ssl=1 100w\" sizes=\"auto, (max-width: 554px) 100vw, 554px\" \/>\n\t\t\t\t\t\t\t<\/div><div class=\"pt32 pb16 pl-32 pr-32\"><h5  class=\"widgettitle dark-color mb16\">Michelle LABIOS<\/h5><div  class=\"widgetsubtitle\">Responsable du banquet<\/div><div  class=\"text-color mt8\">\u00c9pouse de Georges, j\u2019ai naturellement rejoint l\u2019aventure. Je coordonne le banquet pour nos 1000 (et quelques !) convives. On me surnomme \u00ab la mod\u00e9ratrice de l\u2019\u00e9quipe \u00bb, peut-\u00eatre parce que j\u2019aime le calme et les \u00e9changes bienveillants. Toujours disponible, je suis ravie d\u2019apporter ma pierre \u00e0 cette belle f\u00eate populaire.<\/div><\/div><\/div><div  class=\"boxed-intro overflow-hidden bg-white \">\n\t\t\t\t\t\t\t<div class=\"intro-image\">\n\t\t\t\t\t\t\t<\/div><\/div>[\/vc_column][\/vc_row][vc_row][vc_column width=\u00a0\u00bb1\/2&Prime;]<div  class=\"boxed-intro overflow-hidden bg-white \">\n\t\t\t\t\t\t\t<div class=\"intro-image\"><img loading=\"lazy\" decoding=\"async\" width=\"551\" height=\"555\" src=\"https:\/\/i0.wp.com\/www.lagarburade.org\/wp-content\/uploads\/2025\/10\/roland-trivino.jpg?fit=551%2C555&amp;ssl=1\" class=\"background-image\" alt=\"\" srcset=\"https:\/\/i0.wp.com\/www.lagarburade.org\/wp-content\/uploads\/2025\/10\/roland-trivino.jpg?w=551&amp;ssl=1 551w, https:\/\/i0.wp.com\/www.lagarburade.org\/wp-content\/uploads\/2025\/10\/roland-trivino.jpg?resize=298%2C300&amp;ssl=1 298w, https:\/\/i0.wp.com\/www.lagarburade.org\/wp-content\/uploads\/2025\/10\/roland-trivino.jpg?resize=150%2C150&amp;ssl=1 150w, https:\/\/i0.wp.com\/www.lagarburade.org\/wp-content\/uploads\/2025\/10\/roland-trivino.jpg?resize=60%2C60&amp;ssl=1 60w, https:\/\/i0.wp.com\/www.lagarburade.org\/wp-content\/uploads\/2025\/10\/roland-trivino.jpg?resize=100%2C100&amp;ssl=1 100w\" sizes=\"auto, (max-width: 551px) 100vw, 551px\" \/>\n\t\t\t\t\t\t\t<\/div><div class=\"pt32 pb16 pl-32 pr-32\"><h5  class=\"widgettitle dark-color mb16\">Roland Trivino<\/h5><div  class=\"widgetsubtitle\">Secr\u00e9taire<\/div><div  class=\"text-color mt8\"><\/div><\/div><\/div>[\/vc_column][vc_column width=\u00a0\u00bb1\/2&Prime;]<div  class=\"boxed-intro overflow-hidden bg-white \">\n\t\t\t\t\t\t\t<div class=\"intro-image\"><img loading=\"lazy\" decoding=\"async\" width=\"551\" height=\"555\" src=\"https:\/\/i0.wp.com\/www.lagarburade.org\/wp-content\/uploads\/2025\/10\/fernand-paille-barrere.jpg?fit=551%2C555&amp;ssl=1\" class=\"background-image\" alt=\"\" srcset=\"https:\/\/i0.wp.com\/www.lagarburade.org\/wp-content\/uploads\/2025\/10\/fernand-paille-barrere.jpg?w=551&amp;ssl=1 551w, https:\/\/i0.wp.com\/www.lagarburade.org\/wp-content\/uploads\/2025\/10\/fernand-paille-barrere.jpg?resize=298%2C300&amp;ssl=1 298w, https:\/\/i0.wp.com\/www.lagarburade.org\/wp-content\/uploads\/2025\/10\/fernand-paille-barrere.jpg?resize=150%2C150&amp;ssl=1 150w, https:\/\/i0.wp.com\/www.lagarburade.org\/wp-content\/uploads\/2025\/10\/fernand-paille-barrere.jpg?resize=60%2C60&amp;ssl=1 60w, https:\/\/i0.wp.com\/www.lagarburade.org\/wp-content\/uploads\/2025\/10\/fernand-paille-barrere.jpg?resize=100%2C100&amp;ssl=1 100w\" sizes=\"auto, (max-width: 551px) 100vw, 551px\" \/>\n\t\t\t\t\t\t\t<\/div><div class=\"pt32 pb16 pl-32 pr-32\"><h5  class=\"widgettitle dark-color mb16\">Fernand Paill\u00e9-Barr\u00e8re<\/h5><div  class=\"widgetsubtitle\">Secr\u00e9taire technique<\/div><div  class=\"text-color mt8\"><\/div><\/div><\/div><div  class=\"boxed-intro overflow-hidden bg-white \">\n\t\t\t\t\t\t\t<div class=\"intro-image\">\n\t\t\t\t\t\t\t<\/div><\/div>[\/vc_column][\/vc_row][vc_row][vc_column][vc_column_text]<\/p>\n<h2 style=\"text-align: center;\"><strong>Merci \u00e0 tous les b\u00e9n\u00e9voles <\/strong><\/h2>\n<p style=\"text-align: center;\">Derri\u00e8re chaque assiette de Garbure servie, il y a une main tendue, un sourire, un engagement. Merci \u00e0 tous ceux qui, chaque ann\u00e9e, mettent leur c\u0153ur au service de cette belle tradition ! La Garburade, c\u2019est vous !<\/p>\n<p>[\/vc_column_text][\/vc_column][\/vc_row][vc_row][vc_column][vc_single_image image=\u00a0\u00bb287&Prime; img_size=\u00a0\u00bblarge\u00a0\u00bb alignment=\u00a0\u00bbcenter\u00a0\u00bb style=\u00a0\u00bbvc_box_shadow_3d\u00a0\u00bb][\/vc_column][\/vc_row]<\/p>\n<\/div>","protected":false},"excerpt":{"rendered":"<p>[vc_row][vc_column][vc_column_text] Les visages de la Garburade : une aventure humaine et joyeuse ! \u00c0 la Garburade,&#8230;<\/p>\n","protected":false},"author":1,"featured_media":1527,"parent":0,"menu_order":0,"comment_status":"closed","ping_status":"closed","template":"","meta":{"footnotes":""},"class_list":["post-94","page","type-page","status-publish","has-post-thumbnail","hentry"],"jetpack_sharing_enabled":true,"_links":{"self":[{"href":"https:\/\/www.lagarburade.org\/index.php\/wp-json\/wp\/v2\/pages\/94","targetHints":{"allow":["GET"]}}],"collection":[{"href":"https:\/\/www.lagarburade.org\/index.php\/wp-json\/wp\/v2\/pages"}],"about":[{"href":"https:\/\/www.lagarburade.org\/index.php\/wp-json\/wp\/v2\/types\/page"}],"author":[{"embeddable":true,"href":"https:\/\/www.lagarburade.org\/index.php\/wp-json\/wp\/v2\/users\/1"}],"replies":[{"embeddable":true,"href":"https:\/\/www.lagarburade.org\/index.php\/wp-json\/wp\/v2\/comments?post=94"}],"version-history":[{"count":66,"href":"https:\/\/www.lagarburade.org\/index.php\/wp-json\/wp\/v2\/pages\/94\/revisions"}],"predecessor-version":[{"id":1750,"href":"https:\/\/www.lagarburade.org\/index.php\/wp-json\/wp\/v2\/pages\/94\/revisions\/1750"}],"wp:featuredmedia":[{"embeddable":true,"href":"https:\/\/www.lagarburade.org\/index.php\/wp-json\/wp\/v2\/media\/1527"}],"wp:attachment":[{"href":"https:\/\/www.lagarburade.org\/index.php\/wp-json\/wp\/v2\/media?parent=94"}],"curies":[{"name":"wp","href":"https:\/\/api.w.org\/{rel}","templated":true}]}}